{"id":10526,"date":"2025-05-12T16:38:13","date_gmt":"2025-05-12T14:38:13","guid":{"rendered":"https:\/\/firmen.thelen-gruppe.com\/kza\/?post_type=avada_portfolio&#038;p=10526"},"modified":"2025-07-04T10:55:27","modified_gmt":"2025-07-04T08:55:27","slug":"wohnen-am-krupp-park","status":"publish","type":"avada_portfolio","link":"https:\/\/firmen.thelen-gruppe.com\/kza\/portfolio-items\/wohnen-am-krupp-park\/","title":{"rendered":"Wohnen am Krupp Park"},"content":{"rendered":"<div class=\"fusion-fullwidth fullwidth-box fusion-builder-row-1 fusion-flex-container has-pattern-background has-mask-background nonhundred-percent-fullwidth non-hundred-percent-height-scrolling\" style=\"--awb-border-radius-top-left:0px;--awb-border-radius-top-right:0px;--awb-border-radius-bottom-right:0px;--awb-border-radius-bottom-left:0px;--awb-flex-wrap:wrap;\" ><div class=\"fusion-builder-row fusion-row fusion-flex-align-items-flex-start fusion-flex-content-wrap\" style=\"max-width:1248px;margin-left: calc(-4% \/ 2 );margin-right: calc(-4% \/ 2 );\"><div class=\"fusion-layout-column fusion_builder_column fusion-builder-column-0 fusion_builder_column_2_3 2_3 fusion-flex-column\" style=\"--awb-bg-size:cover;--awb-width-large:66.666666666667%;--awb-margin-top-large:0px;--awb-spacing-right-large:2.88%;--awb-margin-bottom-large:20px;--awb-spacing-left-large:2.88%;--awb-width-medium:66.666666666667%;--awb-order-medium:0;--awb-spacing-right-medium:2.88%;--awb-spacing-left-medium:2.88%;--awb-width-small:100%;--awb-order-small:0;--awb-spacing-right-small:1.92%;--awb-spacing-left-small:1.92%;\"><div class=\"fusion-column-wrapper fusion-column-has-shadow fusion-flex-justify-content-flex-start fusion-content-layout-column\"><div class=\"fusion-text fusion-text-1\"><p style=\"font-weight: 400;\">Auf einer Fl\u00e4che von 4,4 Hektar entsteht in Essen, mit \u201eWohnen am Krupp Park\u201c, ein Wohnquartier (mit ca. 500 Wohnungen und 16 Townhouses) von besonderer Wohn- und Lebensqualit\u00e4t.<\/p>\n<p style=\"font-weight: 400;\"><strong>Wohnen am Krupp-Park \u2013 Urbanes Quartier mit Zukunft<\/strong><\/p>\n<p style=\"font-weight: 400;\">Auf einem rund 4,4 Hektar gro\u00dfen Areal im Herzen der Metropole Ruhr realisieren wir in mehreren Bauabschnitten ein zukunftsweisendes Stadtquartier. Hier entstehen circa 550 moderne Wohnungen sowie 15 hochwertige Stadth\u00e4user \u2013 ein lebendiger Ort, der urbane Identit\u00e4t mit au\u00dfergew\u00f6hnlicher Wohn- und Lebensqualit\u00e4t verbindet.<\/p>\n<p style=\"font-weight: 400;\"><strong>Lebensraum Zukunft \u2013 Wohnen neu gedacht<\/strong><\/p>\n<p style=\"font-weight: 400;\">Mit dem Projekt \u201eWohnen am Krupp-Park\u201c schaffen wir ein Quartier, das weit mehr als nur Wohnraum bietet: Hier wird das Wohnen zum Erlebnis. Unser Anspruch ist es, ein durchdachtes und nachhaltiges Wohnumfeld zu gestalten, das urbane Lebensqualit\u00e4t, zeitgem\u00e4\u00dfe Architektur sowie innovative Mobilit\u00e4ts- und Energiekonzepte harmonisch vereint.<\/p>\n<p style=\"font-weight: 400;\"><strong>Stadtnahe Idylle trifft urbane Vielfalt<\/strong><\/p>\n<p style=\"font-weight: 400;\">Das neue Quartier grenzt unmittelbar an den 22 Hektar gro\u00dfen Krupp-Park, die gr\u00fcne Lunge des Essener Westens. Die zentrale Lage mit direkter N\u00e4he zur Innenstadt, zum Zukunftsprojekt ESSEN51. sowie zum Stadtteil Altendorf bietet den zuk\u00fcnftigen Bewohnerinnen und Bewohnern ein urbanes Umfeld mit kurzen Wegen, hervorragender Nahversorgung und exzellenter Verkehrsanbindung.<\/p>\n<p style=\"font-weight: 400;\"><strong>Architektonische Vielfalt und nachhaltige Quartiersstruktur<\/strong><\/p>\n<p style=\"font-weight: 400;\">Das st\u00e4dtebauliche Konzept von KZA Architekten setzt auf eine markante Architektursprache und eine zukunftsf\u00e4hige Quartiersstruktur. Geplant sind viergeschossige Wohnh\u00e4user mit Staffelgeschossen, Turmh\u00e4user mit Weitblick sowie Townhouses mit Garten- und Einliegerwohnungen. Die vielf\u00e4ltigen Grundrisse reichen von charmanten 2-Zimmer-Wohnungen bis zu gro\u00dfz\u00fcgigen 4- und 5-Raum-Wohnungen im gehobenen Segment.<\/p>\n<p style=\"font-weight: 400;\"><strong>Soziale Vielfalt und Inklusion<\/strong><\/p>\n<p style=\"font-weight: 400;\">Ein besonderer Fokus liegt auf sozialer Durchmischung: Rund 100 der entstehenden Wohnungen werden \u00f6ffentlich gef\u00f6rdert. So entsteht ein inklusives Quartier, das vielf\u00e4ltigen Lebensentw\u00fcrfen Raum gibt und Wohnraum f\u00fcr unterschiedliche Bed\u00fcrfnisse schafft.<\/p>\n<p style=\"font-weight: 400;\"><strong>Wohnen am Krupp-Park<\/strong>\u00a0steht f\u00fcr ein lebendiges, nachhaltiges und zukunftsorientiertes Stadtquartier \u2013 ein Ort, an dem urbanes Leben, Natur und Gemeinschaft harmonisch miteinander verschmelzen.<\/p>\n<\/div><\/div><\/div><div class=\"fusion-layout-column fusion_builder_column fusion-builder-column-1 fusion_builder_column_1_3 1_3 fusion-flex-column\" style=\"--awb-bg-size:cover;--awb-width-large:33.333333333333%;--awb-margin-top-large:0px;--awb-spacing-right-large:5.76%;--awb-margin-bottom-large:20px;--awb-spacing-left-large:5.76%;--awb-width-medium:33.333333333333%;--awb-order-medium:0;--awb-spacing-right-medium:5.76%;--awb-spacing-left-medium:5.76%;--awb-width-small:100%;--awb-order-small:0;--awb-spacing-right-small:1.92%;--awb-spacing-left-small:1.92%;\"><div class=\"fusion-column-wrapper fusion-column-has-shadow fusion-flex-justify-content-flex-start fusion-content-layout-column\"><div class=\"fusion-text fusion-text-2\"><p>Lorem ipsum dolor sit amet, consectetuer adipiscing elit.<\/p>\n<p><strong>Aenean commodo ligula eget dolor.\u00a0<\/strong><\/p>\n<\/div><div class=\"fusion-separator fusion-full-width-sep\" style=\"align-self: center;margin-left: auto;margin-right: auto;margin-top:0px;margin-bottom:15px;width:100%;\"><div class=\"fusion-separator-border sep-single sep-solid\" style=\"--awb-height:20px;--awb-amount:20px;border-color:var(--awb-color3);border-top-width:1px;\"><\/div><\/div><div class=\"fusion-text fusion-text-3\"><p>Lorem ipsum dolor sit amet, consectetuer adipiscing elit.<\/p>\n<p><strong>Aenean commodo ligula eget dolor.\u00a0<\/strong><\/p>\n<\/div><div class=\"fusion-separator fusion-full-width-sep\" style=\"align-self: center;margin-left: auto;margin-right: auto;margin-top:0px;margin-bottom:15px;width:100%;\"><div class=\"fusion-separator-border sep-single sep-solid\" style=\"--awb-height:20px;--awb-amount:20px;border-color:var(--awb-color3);border-top-width:1px;\"><\/div><\/div><\/div><\/div><\/div><\/div>\n","protected":false},"excerpt":{"rendered":"","protected":false},"author":1,"featured_media":10534,"menu_order":0,"comment_status":"open","ping_status":"closed","template":"","format":"standard","meta":{"inline_featured_image":false,"footnotes":""},"portfolio_category":[40,26,39],"portfolio_skills":[],"portfolio_tags":[],"class_list":["post-10526","avada_portfolio","type-avada_portfolio","status-publish","format-standard","has-post-thumbnail","hentry","portfolio_category-40","portfolio_category-wohnen-und-quartiere","portfolio_category-zimmer"],"yoast_head":"<!-- This site is optimized with the Yoast SEO plugin v23.6 - https:\/\/yoast.com\/wordpress\/plugins\/seo\/ -->\n<title>Wohnen am Krupp Park - kza<\/title>\n<meta name=\"robots\" content=\"noindex, follow, max-snippet:-1, max-image-preview:large, max-video-preview:-1\" \/>\n<meta property=\"og:locale\" content=\"de_DE\" \/>\n<meta property=\"og:type\" content=\"article\" \/>\n<meta property=\"og:title\" content=\"Wohnen am Krupp Park - kza\" \/>\n<meta property=\"og:url\" content=\"https:\/\/firmen.thelen-gruppe.com\/kza\/portfolio-items\/wohnen-am-krupp-park\/\" \/>\n<meta property=\"og:site_name\" content=\"kza\" \/>\n<meta property=\"article:modified_time\" content=\"2025-07-04T08:55:27+00:00\" \/>\n<meta property=\"og:image\" content=\"https:\/\/firmen.thelen-gruppe.com\/kza\/wp-content\/uploads\/sites\/35\/2025\/05\/wohnen_am_krupp_park.jpg\" \/>\n\t<meta property=\"og:image:width\" content=\"2200\" \/>\n\t<meta property=\"og:image:height\" content=\"1035\" \/>\n\t<meta property=\"og:image:type\" content=\"image\/jpeg\" \/>\n<meta name=\"twitter:card\" content=\"summary_large_image\" \/>\n<meta name=\"twitter:label1\" content=\"Gesch\u00e4tzte Lesezeit\" \/>\n\t<meta name=\"twitter:data1\" content=\"2\u00a0Minuten\" \/>\n<script type=\"application\/ld+json\" class=\"yoast-schema-graph\">{\"@context\":\"https:\/\/schema.org\",\"@graph\":[{\"@type\":\"WebPage\",\"@id\":\"https:\/\/firmen.thelen-gruppe.com\/kza\/portfolio-items\/wohnen-am-krupp-park\/\",\"url\":\"https:\/\/firmen.thelen-gruppe.com\/kza\/portfolio-items\/wohnen-am-krupp-park\/\",\"name\":\"Wohnen am Krupp Park - kza\",\"isPartOf\":{\"@id\":\"https:\/\/firmen.thelen-gruppe.com\/kza\/#website\"},\"primaryImageOfPage\":{\"@id\":\"https:\/\/firmen.thelen-gruppe.com\/kza\/portfolio-items\/wohnen-am-krupp-park\/#primaryimage\"},\"image\":{\"@id\":\"https:\/\/firmen.thelen-gruppe.com\/kza\/portfolio-items\/wohnen-am-krupp-park\/#primaryimage\"},\"thumbnailUrl\":\"https:\/\/firmen.thelen-gruppe.com\/kza\/wp-content\/uploads\/sites\/35\/2025\/05\/wohnen_am_krupp_park.jpg\",\"datePublished\":\"2025-05-12T14:38:13+00:00\",\"dateModified\":\"2025-07-04T08:55:27+00:00\",\"breadcrumb\":{\"@id\":\"https:\/\/firmen.thelen-gruppe.com\/kza\/portfolio-items\/wohnen-am-krupp-park\/#breadcrumb\"},\"inLanguage\":\"de\",\"potentialAction\":[{\"@type\":\"ReadAction\",\"target\":[\"https:\/\/firmen.thelen-gruppe.com\/kza\/portfolio-items\/wohnen-am-krupp-park\/\"]}]},{\"@type\":\"ImageObject\",\"inLanguage\":\"de\",\"@id\":\"https:\/\/firmen.thelen-gruppe.com\/kza\/portfolio-items\/wohnen-am-krupp-park\/#primaryimage\",\"url\":\"https:\/\/firmen.thelen-gruppe.com\/kza\/wp-content\/uploads\/sites\/35\/2025\/05\/wohnen_am_krupp_park.jpg\",\"contentUrl\":\"https:\/\/firmen.thelen-gruppe.com\/kza\/wp-content\/uploads\/sites\/35\/2025\/05\/wohnen_am_krupp_park.jpg\",\"width\":2200,\"height\":1035},{\"@type\":\"BreadcrumbList\",\"@id\":\"https:\/\/firmen.thelen-gruppe.com\/kza\/portfolio-items\/wohnen-am-krupp-park\/#breadcrumb\",\"itemListElement\":[{\"@type\":\"ListItem\",\"position\":1,\"name\":\"Startseite\",\"item\":\"https:\/\/firmen.thelen-gruppe.com\/kza\/\"},{\"@type\":\"ListItem\",\"position\":2,\"name\":\"Portfolio\",\"item\":\"https:\/\/firmen.thelen-gruppe.com\/kza\/avada_portfolio\/\"},{\"@type\":\"ListItem\",\"position\":3,\"name\":\"Wohnen am Krupp Park\"}]},{\"@type\":\"WebSite\",\"@id\":\"https:\/\/firmen.thelen-gruppe.com\/kza\/#website\",\"url\":\"https:\/\/firmen.thelen-gruppe.com\/kza\/\",\"name\":\"kza\",\"description\":\"\",\"potentialAction\":[{\"@type\":\"SearchAction\",\"target\":{\"@type\":\"EntryPoint\",\"urlTemplate\":\"https:\/\/firmen.thelen-gruppe.com\/kza\/?s={search_term_string}\"},\"query-input\":{\"@type\":\"PropertyValueSpecification\",\"valueRequired\":true,\"valueName\":\"search_term_string\"}}],\"inLanguage\":\"de\"}]}<\/script>\n<!-- \/ Yoast SEO plugin. -->","yoast_head_json":{"title":"Wohnen am Krupp Park - kza","robots":{"index":"noindex","follow":"follow","max-snippet":"max-snippet:-1","max-image-preview":"max-image-preview:large","max-video-preview":"max-video-preview:-1"},"og_locale":"de_DE","og_type":"article","og_title":"Wohnen am Krupp Park - kza","og_url":"https:\/\/firmen.thelen-gruppe.com\/kza\/portfolio-items\/wohnen-am-krupp-park\/","og_site_name":"kza","article_modified_time":"2025-07-04T08:55:27+00:00","og_image":[{"width":2200,"height":1035,"url":"https:\/\/firmen.thelen-gruppe.com\/kza\/wp-content\/uploads\/sites\/35\/2025\/05\/wohnen_am_krupp_park.jpg","type":"image\/jpeg"}],"twitter_card":"summary_large_image","twitter_misc":{"Gesch\u00e4tzte Lesezeit":"2\u00a0Minuten"},"schema":{"@context":"https:\/\/schema.org","@graph":[{"@type":"WebPage","@id":"https:\/\/firmen.thelen-gruppe.com\/kza\/portfolio-items\/wohnen-am-krupp-park\/","url":"https:\/\/firmen.thelen-gruppe.com\/kza\/portfolio-items\/wohnen-am-krupp-park\/","name":"Wohnen am Krupp Park - kza","isPartOf":{"@id":"https:\/\/firmen.thelen-gruppe.com\/kza\/#website"},"primaryImageOfPage":{"@id":"https:\/\/firmen.thelen-gruppe.com\/kza\/portfolio-items\/wohnen-am-krupp-park\/#primaryimage"},"image":{"@id":"https:\/\/firmen.thelen-gruppe.com\/kza\/portfolio-items\/wohnen-am-krupp-park\/#primaryimage"},"thumbnailUrl":"https:\/\/firmen.thelen-gruppe.com\/kza\/wp-content\/uploads\/sites\/35\/2025\/05\/wohnen_am_krupp_park.jpg","datePublished":"2025-05-12T14:38:13+00:00","dateModified":"2025-07-04T08:55:27+00:00","breadcrumb":{"@id":"https:\/\/firmen.thelen-gruppe.com\/kza\/portfolio-items\/wohnen-am-krupp-park\/#breadcrumb"},"inLanguage":"de","potentialAction":[{"@type":"ReadAction","target":["https:\/\/firmen.thelen-gruppe.com\/kza\/portfolio-items\/wohnen-am-krupp-park\/"]}]},{"@type":"ImageObject","inLanguage":"de","@id":"https:\/\/firmen.thelen-gruppe.com\/kza\/portfolio-items\/wohnen-am-krupp-park\/#primaryimage","url":"https:\/\/firmen.thelen-gruppe.com\/kza\/wp-content\/uploads\/sites\/35\/2025\/05\/wohnen_am_krupp_park.jpg","contentUrl":"https:\/\/firmen.thelen-gruppe.com\/kza\/wp-content\/uploads\/sites\/35\/2025\/05\/wohnen_am_krupp_park.jpg","width":2200,"height":1035},{"@type":"BreadcrumbList","@id":"https:\/\/firmen.thelen-gruppe.com\/kza\/portfolio-items\/wohnen-am-krupp-park\/#breadcrumb","itemListElement":[{"@type":"ListItem","position":1,"name":"Startseite","item":"https:\/\/firmen.thelen-gruppe.com\/kza\/"},{"@type":"ListItem","position":2,"name":"Portfolio","item":"https:\/\/firmen.thelen-gruppe.com\/kza\/avada_portfolio\/"},{"@type":"ListItem","position":3,"name":"Wohnen am Krupp Park"}]},{"@type":"WebSite","@id":"https:\/\/firmen.thelen-gruppe.com\/kza\/#website","url":"https:\/\/firmen.thelen-gruppe.com\/kza\/","name":"kza","description":"","potentialAction":[{"@type":"SearchAction","target":{"@type":"EntryPoint","urlTemplate":"https:\/\/firmen.thelen-gruppe.com\/kza\/?s={search_term_string}"},"query-input":{"@type":"PropertyValueSpecification","valueRequired":true,"valueName":"search_term_string"}}],"inLanguage":"de"}]}},"_links":{"self":[{"href":"https:\/\/firmen.thelen-gruppe.com\/kza\/wp-json\/wp\/v2\/avada_portfolio\/10526","targetHints":{"allow":["GET"]}}],"collection":[{"href":"https:\/\/firmen.thelen-gruppe.com\/kza\/wp-json\/wp\/v2\/avada_portfolio"}],"about":[{"href":"https:\/\/firmen.thelen-gruppe.com\/kza\/wp-json\/wp\/v2\/types\/avada_portfolio"}],"author":[{"embeddable":true,"href":"https:\/\/firmen.thelen-gruppe.com\/kza\/wp-json\/wp\/v2\/users\/1"}],"replies":[{"embeddable":true,"href":"https:\/\/firmen.thelen-gruppe.com\/kza\/wp-json\/wp\/v2\/comments?post=10526"}],"version-history":[{"count":10,"href":"https:\/\/firmen.thelen-gruppe.com\/kza\/wp-json\/wp\/v2\/avada_portfolio\/10526\/revisions"}],"predecessor-version":[{"id":10848,"href":"https:\/\/firmen.thelen-gruppe.com\/kza\/wp-json\/wp\/v2\/avada_portfolio\/10526\/revisions\/10848"}],"wp:featuredmedia":[{"embeddable":true,"href":"https:\/\/firmen.thelen-gruppe.com\/kza\/wp-json\/wp\/v2\/media\/10534"}],"wp:attachment":[{"href":"https:\/\/firmen.thelen-gruppe.com\/kza\/wp-json\/wp\/v2\/media?parent=10526"}],"wp:term":[{"taxonomy":"portfolio_category","embeddable":true,"href":"https:\/\/firmen.thelen-gruppe.com\/kza\/wp-json\/wp\/v2\/portfolio_category?post=10526"},{"taxonomy":"portfolio_skills","embeddable":true,"href":"https:\/\/firmen.thelen-gruppe.com\/kza\/wp-json\/wp\/v2\/portfolio_skills?post=10526"},{"taxonomy":"portfolio_tags","embeddable":true,"href":"https:\/\/firmen.thelen-gruppe.com\/kza\/wp-json\/wp\/v2\/portfolio_tags?post=10526"}],"curies":[{"name":"wp","href":"https:\/\/api.w.org\/{rel}","templated":true}]}}